{"id":10639,"date":"2026-07-27T23:15:34","date_gmt":"2026-07-27T22:15:34","guid":{"rendered":"https:\/\/isimarkets.com\/?post_type=event&#038;p=10639"},"modified":"2026-08-19T22:22:47","modified_gmt":"2026-08-19T21:22:47","slug":"retos-de-colombia-y-el-nuevo-gobierno-nuestra-vision-macro-fiscal-y-sectorial","status":"publish","type":"event","link":"https:\/\/isimarkets.com\/es\/event\/retos-de-colombia-y-el-nuevo-gobierno-nuestra-vision-macro-fiscal-y-sectorial\/","title":{"rendered":"Webinar &#8211; Retos de Colombia y el Nuevo Gobierno: Nuestra Visi\u00f3n Macro, Fiscal y Sectorial."},"content":{"rendered":"\n<p class=\"wp-block-paragraph\">A partir de agosto, Colombia inici\u00f3 un nuevo per\u00edodo presidencial en un contexto marcado por importantes desaf\u00edos pol\u00edticos y econ\u00f3micos. En este webinar, nuestros expertos analizaron la situaci\u00f3n actual del pa\u00eds y compartieron informaci\u00f3n clave sobre mercados emergentes, tendencias econ\u00f3micas y perspectivas para los pr\u00f3ximos a\u00f1os.<\/p>\n\n\n\n<p class=\"wp-block-paragraph\">Te invitamos a comprender las oportunidades que podr\u00edan surgir con el nuevo gobierno, identificar riesgos potenciales y obtener informaci\u00f3n relevante para una mejor toma de decisiones en un entorno en constante evoluci\u00f3n.<\/p>\n\n\n\n<div class=\"wp-block-buttons is-layout-flex wp-block-buttons-is-layout-flex\">\n<div class=\"wp-block-button\"><a class=\"wp-block-button__link wp-element-button\" href=\"https:\/\/share-eu1.hsforms.com\/1iGUXXE1UTZGisfRdxSuUnA2edvqg\">Ver el webinar<\/a><\/div>\n<\/div>\n\n\n\n<p class=\"wp-block-paragraph\"><\/p>\n","protected":false},"excerpt":{"rendered":"<p>A partir de agosto, Colombia inici\u00f3 un nuevo per\u00edodo presidencial en un contexto marcado por importantes desaf\u00edos pol\u00edticos y econ\u00f3micos. En este webinar, nuestros expertos analizaron la situaci\u00f3n actual del pa\u00eds y compartieron informaci\u00f3n clave sobre mercados emergentes, tendencias econ\u00f3micas y perspectivas para los pr\u00f3ximos a\u00f1os. Te invitamos a comprender las oportunidades que podr\u00edan surgir con el nuevo gobierno, identificar&hellip;<\/p>\n","protected":false},"author":20,"featured_media":10642,"template":"","tags":[917],"event_category":[],"venue":[],"product":[1056,1055,1057,1058],"region":[965],"class_list":["post-10639","event","type-event","status-publish","has-post-thumbnail","hentry","tag-economists-insights","product-ceic","product-emis","product-epfr","product-redd","region-latam"],"yoast_head":"<!-- This site is optimized with the Yoast SEO Premium plugin  - https:\/\/yoast.com\/product\/yoast-seo-premium-wordpress\/ -->\n<title>Webinar - Retos de Colombia y el Nuevo Gobierno: Nuestra Visi\u00f3n Macro, Fiscal y Sectorial. - ISI<\/title>\n<meta name=\"robots\" content=\"index, follow, max-snippet:-1, max-image-preview:large, max-video-preview:-1\" \/>\n<link rel=\"canonical\" href=\"https:\/\/isimarkets.com\/es\/event\/retos-de-colombia-y-el-nuevo-gobierno-nuestra-vision-macro-fiscal-y-sectorial\/\" \/>\n<meta property=\"og:locale\" content=\"es_ES\" \/>\n<meta property=\"og:type\" content=\"article\" \/>\n<meta property=\"og:title\" content=\"Webinar - Retos de Colombia y el Nuevo Gobierno: Nuestra Visi\u00f3n Macro, Fiscal y Sectorial.\" \/>\n<meta property=\"og:description\" content=\"A partir de agosto, Colombia inici\u00f3 un nuevo per\u00edodo presidencial en un contexto marcado por importantes desaf\u00edos pol\u00edticos y econ\u00f3micos. En este webinar, nuestros expertos analizaron la situaci\u00f3n actual del pa\u00eds y compartieron informaci\u00f3n clave sobre mercados emergentes, tendencias econ\u00f3micas y perspectivas para los pr\u00f3ximos a\u00f1os. Te invitamos a comprender las oportunidades que podr\u00edan surgir con el nuevo gobierno, identificar&hellip;\" \/>\n<meta property=\"og:url\" content=\"https:\/\/isimarkets.com\/es\/event\/retos-de-colombia-y-el-nuevo-gobierno-nuestra-vision-macro-fiscal-y-sectorial\/\" \/>\n<meta property=\"og:site_name\" content=\"ISI\" \/>\n<meta property=\"article:modified_time\" content=\"2026-08-19T21:22:47+00:00\" \/>\n<meta property=\"og:image\" content=\"https:\/\/isimarkets.com\/wp-content\/uploads\/2026\/07\/gkaci-_mglg.jpg\" \/>\n\t<meta property=\"og:image:width\" content=\"1600\" \/>\n\t<meta property=\"og:image:height\" content=\"1067\" \/>\n\t<meta property=\"og:image:type\" content=\"image\/jpeg\" \/>\n<meta name=\"twitter:card\" content=\"summary_large_image\" \/>\n<script type=\"application\/ld+json\" class=\"yoast-schema-graph\">{\"@context\":\"https:\\\/\\\/schema.org\",\"@graph\":[{\"@type\":\"WebPage\",\"@id\":\"https:\\\/\\\/isimarkets.com\\\/es\\\/event\\\/retos-de-colombia-y-el-nuevo-gobierno-nuestra-vision-macro-fiscal-y-sectorial\\\/\",\"url\":\"https:\\\/\\\/isimarkets.com\\\/es\\\/event\\\/retos-de-colombia-y-el-nuevo-gobierno-nuestra-vision-macro-fiscal-y-sectorial\\\/\",\"name\":\"Webinar - Retos de Colombia y el Nuevo Gobierno: Nuestra Visi\u00f3n Macro, Fiscal y Sectorial. - ISI\",\"isPartOf\":{\"@id\":\"https:\\\/\\\/isimarkets.com\\\/es\\\/#website\"},\"primaryImageOfPage\":{\"@id\":\"https:\\\/\\\/isimarkets.com\\\/es\\\/event\\\/retos-de-colombia-y-el-nuevo-gobierno-nuestra-vision-macro-fiscal-y-sectorial\\\/#primaryimage\"},\"image\":{\"@id\":\"https:\\\/\\\/isimarkets.com\\\/es\\\/event\\\/retos-de-colombia-y-el-nuevo-gobierno-nuestra-vision-macro-fiscal-y-sectorial\\\/#primaryimage\"},\"thumbnailUrl\":\"https:\\\/\\\/isimarkets.com\\\/wp-content\\\/uploads\\\/2026\\\/07\\\/gkaci-_mglg.jpg\",\"datePublished\":\"2026-07-27T22:15:34+00:00\",\"dateModified\":\"2026-08-19T21:22:47+00:00\",\"breadcrumb\":{\"@id\":\"https:\\\/\\\/isimarkets.com\\\/es\\\/event\\\/retos-de-colombia-y-el-nuevo-gobierno-nuestra-vision-macro-fiscal-y-sectorial\\\/#breadcrumb\"},\"inLanguage\":\"es\",\"potentialAction\":[{\"@type\":\"ReadAction\",\"target\":[\"https:\\\/\\\/isimarkets.com\\\/es\\\/event\\\/retos-de-colombia-y-el-nuevo-gobierno-nuestra-vision-macro-fiscal-y-sectorial\\\/\"]}]},{\"@type\":\"ImageObject\",\"inLanguage\":\"es\",\"@id\":\"https:\\\/\\\/isimarkets.com\\\/es\\\/event\\\/retos-de-colombia-y-el-nuevo-gobierno-nuestra-vision-macro-fiscal-y-sectorial\\\/#primaryimage\",\"url\":\"https:\\\/\\\/isimarkets.com\\\/wp-content\\\/uploads\\\/2026\\\/07\\\/gkaci-_mglg.jpg\",\"contentUrl\":\"https:\\\/\\\/isimarkets.com\\\/wp-content\\\/uploads\\\/2026\\\/07\\\/gkaci-_mglg.jpg\",\"width\":1600,\"height\":1067,\"caption\":\"buildings near mountain\"},{\"@type\":\"BreadcrumbList\",\"@id\":\"https:\\\/\\\/isimarkets.com\\\/es\\\/event\\\/retos-de-colombia-y-el-nuevo-gobierno-nuestra-vision-macro-fiscal-y-sectorial\\\/#breadcrumb\",\"itemListElement\":[{\"@type\":\"ListItem\",\"position\":1,\"name\":\"Home\",\"item\":\"https:\\\/\\\/isimarkets.com\\\/es\\\/inicio\\\/\"},{\"@type\":\"ListItem\",\"position\":2,\"name\":\"Events\",\"item\":\"https:\\\/\\\/isimarkets.com\\\/es\\\/events\\\/\"},{\"@type\":\"ListItem\",\"position\":3,\"name\":\"Webinar &#8211; Retos de Colombia y el Nuevo Gobierno: Nuestra Visi\u00f3n Macro, Fiscal y Sectorial.\"}]},{\"@type\":\"WebSite\",\"@id\":\"https:\\\/\\\/isimarkets.com\\\/es\\\/#website\",\"url\":\"https:\\\/\\\/isimarkets.com\\\/es\\\/\",\"name\":\"ISI\",\"description\":\"Global Market Intelligence Platform\",\"publisher\":{\"@id\":\"https:\\\/\\\/isimarkets.com\\\/es\\\/#organization\"},\"potentialAction\":[{\"@type\":\"SearchAction\",\"target\":{\"@type\":\"EntryPoint\",\"urlTemplate\":\"https:\\\/\\\/isimarkets.com\\\/es\\\/?s={search_term_string}\"},\"query-input\":{\"@type\":\"PropertyValueSpecification\",\"valueRequired\":true,\"valueName\":\"search_term_string\"}}],\"inLanguage\":\"es\"},{\"@type\":\"Organization\",\"@id\":\"https:\\\/\\\/isimarkets.com\\\/es\\\/#organization\",\"name\":\"ISI\",\"url\":\"https:\\\/\\\/isimarkets.com\\\/es\\\/\",\"logo\":{\"@type\":\"ImageObject\",\"inLanguage\":\"es\",\"@id\":\"https:\\\/\\\/isimarkets.com\\\/es\\\/#\\\/schema\\\/logo\\\/image\\\/\",\"url\":\"https:\\\/\\\/isimarkets.com\\\/wp-content\\\/uploads\\\/2026\\\/03\\\/ISI-Favicon-Logo-512px.webp\",\"contentUrl\":\"https:\\\/\\\/isimarkets.com\\\/wp-content\\\/uploads\\\/2026\\\/03\\\/ISI-Favicon-Logo-512px.webp\",\"width\":512,\"height\":512,\"caption\":\"ISI\"},\"image\":{\"@id\":\"https:\\\/\\\/isimarkets.com\\\/es\\\/#\\\/schema\\\/logo\\\/image\\\/\"},\"sameAs\":[\"https:\\\/\\\/www.linkedin.com\\\/company\\\/isi-markets\\\/?viewAsMember=true\"]}]}<\/script>\n<!-- \/ Yoast SEO Premium plugin. -->","yoast_head_json":{"title":"Webinar - Retos de Colombia y el Nuevo Gobierno: Nuestra Visi\u00f3n Macro, Fiscal y Sectorial. - ISI","robots":{"index":"index","follow":"follow","max-snippet":"max-snippet:-1","max-image-preview":"max-image-preview:large","max-video-preview":"max-video-preview:-1"},"canonical":"https:\/\/isimarkets.com\/es\/event\/retos-de-colombia-y-el-nuevo-gobierno-nuestra-vision-macro-fiscal-y-sectorial\/","og_locale":"es_ES","og_type":"article","og_title":"Webinar - Retos de Colombia y el Nuevo Gobierno: Nuestra Visi\u00f3n Macro, Fiscal y Sectorial.","og_description":"A partir de agosto, Colombia inici\u00f3 un nuevo per\u00edodo presidencial en un contexto marcado por importantes desaf\u00edos pol\u00edticos y econ\u00f3micos. En este webinar, nuestros expertos analizaron la situaci\u00f3n actual del pa\u00eds y compartieron informaci\u00f3n clave sobre mercados emergentes, tendencias econ\u00f3micas y perspectivas para los pr\u00f3ximos a\u00f1os. Te invitamos a comprender las oportunidades que podr\u00edan surgir con el nuevo gobierno, identificar&hellip;","og_url":"https:\/\/isimarkets.com\/es\/event\/retos-de-colombia-y-el-nuevo-gobierno-nuestra-vision-macro-fiscal-y-sectorial\/","og_site_name":"ISI","article_modified_time":"2026-08-19T21:22:47+00:00","og_image":[{"width":1600,"height":1067,"url":"https:\/\/isimarkets.com\/wp-content\/uploads\/2026\/07\/gkaci-_mglg.jpg","type":"image\/jpeg"}],"twitter_card":"summary_large_image","schema":{"@context":"https:\/\/schema.org","@graph":[{"@type":"WebPage","@id":"https:\/\/isimarkets.com\/es\/event\/retos-de-colombia-y-el-nuevo-gobierno-nuestra-vision-macro-fiscal-y-sectorial\/","url":"https:\/\/isimarkets.com\/es\/event\/retos-de-colombia-y-el-nuevo-gobierno-nuestra-vision-macro-fiscal-y-sectorial\/","name":"Webinar - Retos de Colombia y el Nuevo Gobierno: Nuestra Visi\u00f3n Macro, Fiscal y Sectorial. - ISI","isPartOf":{"@id":"https:\/\/isimarkets.com\/es\/#website"},"primaryImageOfPage":{"@id":"https:\/\/isimarkets.com\/es\/event\/retos-de-colombia-y-el-nuevo-gobierno-nuestra-vision-macro-fiscal-y-sectorial\/#primaryimage"},"image":{"@id":"https:\/\/isimarkets.com\/es\/event\/retos-de-colombia-y-el-nuevo-gobierno-nuestra-vision-macro-fiscal-y-sectorial\/#primaryimage"},"thumbnailUrl":"https:\/\/isimarkets.com\/wp-content\/uploads\/2026\/07\/gkaci-_mglg.jpg","datePublished":"2026-07-27T22:15:34+00:00","dateModified":"2026-08-19T21:22:47+00:00","breadcrumb":{"@id":"https:\/\/isimarkets.com\/es\/event\/retos-de-colombia-y-el-nuevo-gobierno-nuestra-vision-macro-fiscal-y-sectorial\/#breadcrumb"},"inLanguage":"es","potentialAction":[{"@type":"ReadAction","target":["https:\/\/isimarkets.com\/es\/event\/retos-de-colombia-y-el-nuevo-gobierno-nuestra-vision-macro-fiscal-y-sectorial\/"]}]},{"@type":"ImageObject","inLanguage":"es","@id":"https:\/\/isimarkets.com\/es\/event\/retos-de-colombia-y-el-nuevo-gobierno-nuestra-vision-macro-fiscal-y-sectorial\/#primaryimage","url":"https:\/\/isimarkets.com\/wp-content\/uploads\/2026\/07\/gkaci-_mglg.jpg","contentUrl":"https:\/\/isimarkets.com\/wp-content\/uploads\/2026\/07\/gkaci-_mglg.jpg","width":1600,"height":1067,"caption":"buildings near mountain"},{"@type":"BreadcrumbList","@id":"https:\/\/isimarkets.com\/es\/event\/retos-de-colombia-y-el-nuevo-gobierno-nuestra-vision-macro-fiscal-y-sectorial\/#breadcrumb","itemListElement":[{"@type":"ListItem","position":1,"name":"Home","item":"https:\/\/isimarkets.com\/es\/inicio\/"},{"@type":"ListItem","position":2,"name":"Events","item":"https:\/\/isimarkets.com\/es\/events\/"},{"@type":"ListItem","position":3,"name":"Webinar &#8211; Retos de Colombia y el Nuevo Gobierno: Nuestra Visi\u00f3n Macro, Fiscal y Sectorial."}]},{"@type":"WebSite","@id":"https:\/\/isimarkets.com\/es\/#website","url":"https:\/\/isimarkets.com\/es\/","name":"ISI","description":"Global Market Intelligence Platform","publisher":{"@id":"https:\/\/isimarkets.com\/es\/#organization"},"potentialAction":[{"@type":"SearchAction","target":{"@type":"EntryPoint","urlTemplate":"https:\/\/isimarkets.com\/es\/?s={search_term_string}"},"query-input":{"@type":"PropertyValueSpecification","valueRequired":true,"valueName":"search_term_string"}}],"inLanguage":"es"},{"@type":"Organization","@id":"https:\/\/isimarkets.com\/es\/#organization","name":"ISI","url":"https:\/\/isimarkets.com\/es\/","logo":{"@type":"ImageObject","inLanguage":"es","@id":"https:\/\/isimarkets.com\/es\/#\/schema\/logo\/image\/","url":"https:\/\/isimarkets.com\/wp-content\/uploads\/2026\/03\/ISI-Favicon-Logo-512px.webp","contentUrl":"https:\/\/isimarkets.com\/wp-content\/uploads\/2026\/03\/ISI-Favicon-Logo-512px.webp","width":512,"height":512,"caption":"ISI"},"image":{"@id":"https:\/\/isimarkets.com\/es\/#\/schema\/logo\/image\/"},"sameAs":["https:\/\/www.linkedin.com\/company\/isi-markets\/?viewAsMember=true"]}]}},"_links":{"self":[{"href":"https:\/\/isimarkets.com\/es\/wp-json\/wp\/v2\/event\/10639","targetHints":{"allow":["GET"]}}],"collection":[{"href":"https:\/\/isimarkets.com\/es\/wp-json\/wp\/v2\/event"}],"about":[{"href":"https:\/\/isimarkets.com\/es\/wp-json\/wp\/v2\/types\/event"}],"author":[{"embeddable":true,"href":"https:\/\/isimarkets.com\/es\/wp-json\/wp\/v2\/users\/20"}],"version-history":[{"count":3,"href":"https:\/\/isimarkets.com\/es\/wp-json\/wp\/v2\/event\/10639\/revisions"}],"predecessor-version":[{"id":11089,"href":"https:\/\/isimarkets.com\/es\/wp-json\/wp\/v2\/event\/10639\/revisions\/11089"}],"wp:featuredmedia":[{"embeddable":true,"href":"https:\/\/isimarkets.com\/es\/wp-json\/wp\/v2\/media\/10642"}],"wp:attachment":[{"href":"https:\/\/isimarkets.com\/es\/wp-json\/wp\/v2\/media?parent=10639"}],"wp:term":[{"taxonomy":"post_tag","embeddable":true,"href":"https:\/\/isimarkets.com\/es\/wp-json\/wp\/v2\/tags?post=10639"},{"taxonomy":"event_category","embeddable":true,"href":"https:\/\/isimarkets.com\/es\/wp-json\/wp\/v2\/event_category?post=10639"},{"taxonomy":"venue","embeddable":true,"href":"https:\/\/isimarkets.com\/es\/wp-json\/wp\/v2\/venue?post=10639"},{"taxonomy":"product","embeddable":true,"href":"https:\/\/isimarkets.com\/es\/wp-json\/wp\/v2\/product?post=10639"},{"taxonomy":"region","embeddable":true,"href":"https:\/\/isimarkets.com\/es\/wp-json\/wp\/v2\/region?post=10639"}],"curies":[{"name":"wp","href":"https:\/\/api.w.org\/{rel}","templated":true}]}}